{"id":508,"date":"2017-05-03T09:37:04","date_gmt":"2017-05-03T08:37:04","guid":{"rendered":"http:\/\/internewskosova.org\/?page_id=508"},"modified":"2018-01-24T10:04:52","modified_gmt":"2018-01-24T10:04:52","slug":"lajme","status":"publish","type":"page","link":"https:\/\/internewskosova.org\/sq_al\/lajme\/","title":{"rendered":"LAJME"},"content":{"rendered":"<p><a href=\"http:\/\/internewskosova.org\/sq_al\/lajme\/birniks\/\"><br \/>\n<img decoding=\"async\" title=\"Raporti i Monitorimit te Gjykatave 2016\" src=\"http:\/\/internewskosova.org\/wp-content\/uploads\/elementor\/thumbs\/Raporti-i-Monitorimit-te-Gjykatave-2016-33snfvct2jisbuoff9mcy2.jpg\" alt=\"Raporti i Monitorimit te Gjykatave 2016\" \/> <\/a><\/p>\n<h2><a href=\"http:\/\/internewskosova.org\/sq_al\/lajme\/birniks\/\">BIRN dhe Internews Kosova Publikuan Raportin e 10-t\u00eb Jubilar t\u00eb Monitorimit t\u00eb Gjykatave<\/a><\/h2>\n<p>Gjykatat e Kosov\u00ebs duhet t\u00eb punojn\u00eb m\u00eb shum\u00eb n\u00eb m\u00ebnyr\u00eb q\u00eb trajtimi&#8230;<\/p>\n<p><a href=\"http:\/\/internewskosova.org\/sq_al\/lajme\/birniks\/\"><br \/>\nLexo m\u00eb shum\u00eb<br \/>\n<\/a><br \/>\n<a href=\"http:\/\/internewskosova.org\/sq_al\/krypometri-kontrolluesi-i-pare-i-fakteve-ne-kosove\/\"><br \/>\n<img loading=\"lazy\" decoding=\"async\" src=\"http:\/\/internewskosova.org\/wp-content\/uploads\/2017\/04\/krypometer.jpg\" sizes=\"auto, (max-width: 580px) 100vw, 580px\" srcset=\"http:\/\/internewskosova.org\/wp-content\/uploads\/2017\/04\/krypometer.jpg 580w, http:\/\/internewskosova.org\/wp-content\/uploads\/2017\/04\/krypometer-300x152.jpg 300w\" alt=\"\" width=\"580\" height=\"294\" \/> <\/a><\/p>\n<h2><a href=\"http:\/\/internewskosova.org\/sq_al\/krypometri-kontrolluesi-i-pare-i-fakteve-ne-kosove\/\">KRYPOMETRI, KONTROLLUESI I PAR\u00cb I FAKTEVE N\u00cb KOSOV\u00cb<\/a><\/h2>\n<p>KALLXO.com nga nes\u00ebr fillon nj\u00eb form\u00eb t\u00eb re t\u00eb matjes s\u00eb v\u00ebrtet\u00ebsis\u00eb s\u00eb deklaratave publike&#8230;<\/p>\n<p><a href=\"http:\/\/internewskosova.org\/sq_al\/krypometri-kontrolluesi-i-pare-i-fakteve-ne-kosove\/\"><br \/>\nLexo m\u00eb shum\u00eb<br \/>\n<\/a><br \/>\n<a href=\"http:\/\/internewskosova.org\/wp-content\/uploads\/2016\/01\/KALLXO_Testi_i_matures_alb_WEB_2_357014.pdf\"><br \/>\n<img decoding=\"async\" title=\"Untitled\" src=\"http:\/\/internewskosova.org\/wp-content\/uploads\/elementor\/thumbs\/Untitled-33r7rvunyeze7b9pdhegi2.jpg\" alt=\"Untitled\" \/> <\/a><\/p>\n<h2><a href=\"http:\/\/internewskosova.org\/wp-content\/uploads\/2016\/01\/KALLXO_Testi_i_matures_alb_WEB_2_357014.pdf\">TESTI I MATUR\u00cbS 2015<\/a><\/h2>\n<p>Raport nga monitorimi i Testit Komb\u00ebtar t\u00eb Matur\u00ebs 2015, Afati i Qershorit 2015&#8230;<\/p>\n<p><a href=\"http:\/\/internewskosova.org\/wp-content\/uploads\/2016\/01\/KALLXO_Testi_i_matures_alb_WEB_2_357014.pdf\"><br \/>\nLexo m\u00eb shum\u00eb<br \/>\n<\/a><br \/>\n<a href=\"http:\/\/internewskosova.org\/sq_al\/ftese-per-pjesemarrje-ne-punetorine-2\/\"><br \/>\n<img decoding=\"async\" title=\"Ftes_per_trajnim_Dezign_ff_1\" src=\"http:\/\/internewskosova.org\/wp-content\/uploads\/elementor\/thumbs\/Ftes_per_trajnim_Dezign_ff_1-33r7rvunyeze7b9pdhegi2.png\" alt=\"Ftes_per_trajnim_Dezign_ff_1\" \/> <\/a><\/p>\n<h2><a href=\"http:\/\/internewskosova.org\/sq_al\/ftese-per-pjesemarrje-ne-punetorine-2\/\">FTES\u00cb P\u00cbR PJES\u00cbMARRJE N\u00cb PUN\u00cbTORIN\u00cb<\/a><\/h2>\n<p>Internews Kosova ju fton t\u00eb merrni pjes\u00eb n\u00eb pun\u00ebtorin\u00eb \u201cAktivizmi Qytetar&#8230;<\/p>\n<p><a href=\"http:\/\/internewskosova.org\/sq_al\/ftese-per-pjesemarrje-ne-punetorine-2\/\"><br \/>\nLexo m\u00eb shum\u00eb<br \/>\n<\/a><br \/>\n<a href=\"http:\/\/internewskosova.org\/wp-content\/uploads\/2017\/04\/BIRN_report_2014_ALB_web_42144.pdf\"><br \/>\n<img decoding=\"async\" title=\"asd_958793\" src=\"http:\/\/internewskosova.org\/wp-content\/uploads\/elementor\/thumbs\/asd_958793-33r7rvunyeze7b9pdhegi2.jpg\" alt=\"asd_958793\" \/> <\/a><\/p>\n<h2><a href=\"http:\/\/internewskosova.org\/wp-content\/uploads\/2017\/04\/BIRN_report_2014_ALB_web_42144.pdf\">RAPORTI I MONITORIMIT T\u00cb GJYKATAVE 2014<\/a><\/h2>\n<p><a href=\"http:\/\/internewskosova.org\/wp-content\/uploads\/2017\/04\/BIRN_report_2014_ALB_web_42144.pdf\"><br \/>\nLexo m\u00eb shum\u00eb<br \/>\n<\/a><br \/>\n<a href=\"http:\/\/internewskosova.org\/sq_al\/raport-nga-monitorimi-i-pjeses-se-dyte-te-testit-kombetar-te-matures-2014\/\"><br \/>\n<img decoding=\"async\" title=\"asdasd_783546\" src=\"http:\/\/internewskosova.org\/wp-content\/uploads\/elementor\/thumbs\/asdasd_783546-33r7rvunyeze7b9pdhegi2.jpg\" alt=\"asdasd_783546\" \/> <\/a><\/p>\n<h2><a href=\"http:\/\/internewskosova.org\/sq_al\/raport-nga-monitorimi-i-pjeses-se-dyte-te-testit-kombetar-te-matures-2014\/\">RAPORT NGA MONITORIMI I PJES\u00cbS S\u00cb DYT\u00cb T\u00cb TESTIT KOMB\u00cbTAR T\u00cb MATUR\u00cbS 2014<\/a><\/h2>\n<p>Duke par\u00eb r\u00ebnd\u00ebsin\u00eb dhe v\u00ebrejtjet q\u00eb ishin b\u00ebr\u00eb n\u00eb vitet e kaluara si dhe n\u00eb pjes\u00ebn e par\u00eb t\u00eb Testit t\u00eb Matur\u00ebs&#8230;<\/p>\n<p><a href=\"http:\/\/internewskosova.org\/sq_al\/raport-nga-monitorimi-i-pjeses-se-dyte-te-testit-kombetar-te-matures-2014\/\"><br \/>\nLexo m\u00eb shum\u00eb<br \/>\n<\/a><br \/>\n<a href=\"http:\/\/internewskosova.org\/sq_al\/internewskosova\/ftese-per-pjesemarrje-ne-punetorine\/\"><br \/>\n<img decoding=\"async\" title=\"dizajni_kallxo\" src=\"http:\/\/internewskosova.org\/wp-content\/uploads\/elementor\/thumbs\/dizajni_kallxo-33r7rvunyeze7b9pdhegi2.png\" alt=\"dizajni_kallxo\" \/> <\/a><\/p>\n<h2><a href=\"http:\/\/internewskosova.org\/sq_al\/internewskosova\/ftese-per-pjesemarrje-ne-punetorine\/\">FTES\u00cb P\u00cbR PJES\u00cbMARRJE N\u00cb PUN\u00cbTORIN\u00cb<\/a><\/h2>\n<p>Internews Kosova ju fton t\u00eb merrni pjes\u00eb n\u00eb pun\u00ebtorin\u00eb: \u201cAktivizmi qytetar me an\u00eb t\u00eb p\u00ebrdorimit t\u00eb&#8230;<\/p>\n<p><a href=\"http:\/\/internewskosova.org\/sq_al\/internewskosova\/ftese-per-pjesemarrje-ne-punetorine\/\"><br \/>\nLexo m\u00eb shum\u00eb<br \/>\n<\/a><br \/>\n<a href=\"http:\/\/internewskosova.org\/sq_al\/konkurs-pune\/\"><br \/>\n<img decoding=\"async\" title=\"internewskosova\" src=\"http:\/\/internewskosova.org\/wp-content\/uploads\/elementor\/thumbs\/internewskosova-33r7rvunyezea9lzgzmpze.jpg\" alt=\"internewskosova\" \/> <\/a><\/p>\n<h2><a href=\"http:\/\/internewskosova.org\/sq_al\/konkurs-pune\/\">KONKURS PUNE<\/a><\/h2>\n<p>Internews Kosova shpall konkurs p\u00ebr k\u00ebto vende pune n\u00eb Prishtin\u00eb&#8230;<\/p>\n<p><a href=\"http:\/\/internewskosova.org\/sq_al\/konkurs-pune\/\"><br \/>\nLexo m\u00eb shum\u00eb<br \/>\n<\/a><br \/>\n<a href=\"http:\/\/internewskosova.org\/sq_al\/ish-ushtaret-armiq-ne-debat-televiziv\/\"><br \/>\n<img loading=\"lazy\" decoding=\"async\" src=\"http:\/\/internewskosova.org\/wp-content\/uploads\/2017\/04\/tema_logo.jpg\" sizes=\"auto, (max-width: 580px) 100vw, 580px\" srcset=\"http:\/\/internewskosova.org\/wp-content\/uploads\/2017\/04\/tema_logo.jpg 580w, http:\/\/internewskosova.org\/wp-content\/uploads\/2017\/04\/tema_logo-300x154.jpg 300w\" alt=\"\" width=\"580\" height=\"297\" \/> <\/a><\/p>\n<h2><a href=\"http:\/\/internewskosova.org\/sq_al\/ish-ushtaret-armiq-ne-debat-televiziv\/\">ISH-USHTAR\u00cbT ARMIQ N\u00cb DEBAT TELEVIZIV<\/a><\/h2>\n<p>Nuk jan\u00eb m\u00eb n\u00eb istikame p\u00ebrball\u00eb nj\u00ebri-tjetrit&#8230;<\/p>\n<p><a href=\"http:\/\/internewskosova.org\/sq_al\/ish-ushtaret-armiq-ne-debat-televiziv\/\"><br \/>\nLexo m\u00eb shum\u00eb<br \/>\n<\/a><br \/>\n<a href=\"http:\/\/internewskosova.org\/sq_al\/promo-tema-liria-e-levizjes-shoferat-kalojne-cdo-kufije\/\"><br \/>\n<img decoding=\"async\" title=\"tema_logo\" src=\"http:\/\/internewskosova.org\/wp-content\/uploads\/elementor\/thumbs\/tema_logo-33r7rvunyeze7b9pdhegi2.jpg\" alt=\"tema_logo\" \/> <\/a><\/p>\n<h2><a href=\"http:\/\/internewskosova.org\/sq_al\/promo-tema-liria-e-levizjes-shoferat-kalojne-cdo-kufije\/\">PROMO TEMA: LIRIA E L\u00cbVIZJES, SHOFERAT KALOJN\u00cb CDO KUFIJ\u00cb<\/a><\/h2>\n<p>Shofer\u00ebt e automjeteve q\u00eb kalojn\u00eb shpesh kufirin Kosov\u00eb-Serbi dhe anasjelltas duke udh\u00ebtuar n\u00eb territoret&#8230;<\/p>\n<p><a href=\"http:\/\/internewskosova.org\/sq_al\/promo-tema-liria-e-levizjes-shoferat-kalojne-cdo-kufije\/\"><br \/>\nLexo m\u00eb shum\u00eb<br \/>\n<\/a><br \/>\n<a href=\"http:\/\/internewskosova.org\/sq_al\/debat-tema-te-pagjeturit\/\"><br \/>\n<img decoding=\"async\" title=\"tema_logo\" src=\"http:\/\/internewskosova.org\/wp-content\/uploads\/elementor\/thumbs\/tema_logo-33r7rvunyeze7b9pdhegi2.jpg\" alt=\"tema_logo\" \/> <\/a><\/p>\n<h2><a href=\"http:\/\/internewskosova.org\/sq_al\/debat-tema-te-pagjeturit\/\">DEBAT: TEMA T\u00cb PAGJETURIT<\/a><\/h2>\n<p>Me kalimin e koh\u00ebs dhe \u201cvjetrimin\u201d e luft\u00ebs, informacionet p\u00ebr t\u00eb pagjeturit jan\u00eb gjithnj\u00eb&#8230;<\/p>\n<p><a href=\"http:\/\/internewskosova.org\/sq_al\/debat-tema-te-pagjeturit\/\"><br \/>\nLexo m\u00eb shum\u00eb<br \/>\n<\/a><br \/>\n<a href=\"http:\/\/internewskosova.org\/sq_al\/promo-tema-te-pagjeturit\/\"><br \/>\n<img decoding=\"async\" title=\"tema_logo\" src=\"http:\/\/internewskosova.org\/wp-content\/uploads\/elementor\/thumbs\/tema_logo-33r7rvunyeze7b9pdhegi2.jpg\" alt=\"tema_logo\" \/> <\/a><\/p>\n<h2><a href=\"http:\/\/internewskosova.org\/sq_al\/promo-tema-te-pagjeturit\/\">PROMO TEMA: T\u00cb PAGJETURIT<\/a><\/h2>\n<p>Me kalimin e koh\u00ebs dhe \u201cvjetrimin\u201d e luft\u00ebs, informacionet p\u00ebr t\u00eb pagjeturit&#8230;<\/p>\n<p><a href=\"http:\/\/internewskosova.org\/sq_al\/promo-tema-te-pagjeturit\/\"><br \/>\nLexo m\u00eb shum\u00eb<br \/>\n<\/a><br \/>\n<a href=\"http:\/\/internewskosova.org\/sq_al\/tema-kosova-e-serbia-debatojne-per-trepcen-dhe-varshmerine-ekonomike\/\"><br \/>\n<img decoding=\"async\" title=\"tema_logo\" src=\"http:\/\/internewskosova.org\/wp-content\/uploads\/elementor\/thumbs\/tema_logo-33r7rvunyeze7b9pdhegi2.jpg\" alt=\"tema_logo\" \/> <\/a><\/p>\n<h2><a href=\"http:\/\/internewskosova.org\/sq_al\/tema-kosova-e-serbia-debatojne-per-trepcen-dhe-varshmerine-ekonomike\/\">TEMA: KOSOVA E SERBIA DEBATOJN\u00cb P\u00cbR TREP\u00c7\u00cbN DHE VARSHM\u00cbRIN\u00cb EKONOMIKE<\/a><\/h2>\n<p>N\u00eb episodin e radh\u00ebs t\u00eb dialogut jo-formal Prishtin\u00eb-Beograd, ekonomist\u00ebt flasim p\u00ebr shk\u00ebmbimin&#8230;<\/p>\n<p><a href=\"http:\/\/internewskosova.org\/sq_al\/tema-kosova-e-serbia-debatojne-per-trepcen-dhe-varshmerine-ekonomike\/\"><br \/>\nLexo m\u00eb shum\u00eb<br \/>\n<\/a><br \/>\n<a href=\"http:\/\/internewskosova.org\/sq_al\/emision-tema-a-eshte-e-mundur-te-shkruhet-historia-pa-fyer-te-tjeret-2\/\"><br \/>\n<img decoding=\"async\" title=\"tema_logo\" src=\"http:\/\/internewskosova.org\/wp-content\/uploads\/elementor\/thumbs\/tema_logo-33r7rvunyeze7b9pdhegi2.jpg\" alt=\"tema_logo\" \/> <\/a><\/p>\n<h2><a href=\"http:\/\/internewskosova.org\/sq_al\/emision-tema-a-eshte-e-mundur-te-shkruhet-historia-pa-fyer-te-tjeret-2\/\">EMISION TEMA: \u201cA \u00cbSHT\u00cb E MUNDUR T\u00cb SHKRUHET HISTORIA, PA FYER T\u00cb TJER\u00cbT \u201c<\/a><\/h2>\n<p>N\u00eb episodin e dyt\u00eb t\u00eb seris\u00eb s\u00eb debateve televizive \u201cTema\u201d p\u00ebr dialogun joformal nd\u00ebrmjet&#8230;<\/p>\n<p><a href=\"http:\/\/internewskosova.org\/sq_al\/emision-tema-a-eshte-e-mundur-te-shkruhet-historia-pa-fyer-te-tjeret-2\/\"><br \/>\nLexo m\u00eb shum\u00eb<br \/>\n<\/a><br \/>\n<a href=\"http:\/\/internewskosova.org\/sq_al\/emisioni-tema\/\"><br \/>\n<img decoding=\"async\" title=\"tema_logo\" src=\"http:\/\/internewskosova.org\/wp-content\/uploads\/elementor\/thumbs\/tema_logo-33r7rvunyeze7b9pdhegi2.jpg\" alt=\"tema_logo\" \/> <\/a><\/p>\n<h2><a href=\"http:\/\/internewskosova.org\/sq_al\/emisioni-tema\/\">EMISIONI TEMA<\/a><\/h2>\n<p>Kosova dhe Serbia flasin pa nd\u00ebrmjet\u00ebs Kryenegociatorja e Kosov\u00ebs, Edita Tahiri&#8230;<\/p>\n<p><a href=\"http:\/\/internewskosova.org\/sq_al\/emisioni-tema\/\"><br \/>\nLexo m\u00eb shum\u00eb<br \/>\n<\/a><\/p>","protected":false},"excerpt":{"rendered":"<p>BIRN dhe Internews Kosova Publikuan Raportin e 10-t\u00eb Jubilar t\u00eb Monitorimit t\u00eb Gjykatave Gjykatat e Kosov\u00ebs duhet t\u00eb punojn\u00eb m\u00eb shum\u00eb n\u00eb m\u00ebnyr\u00eb q\u00eb trajtimi&#8230; Lexo m\u00eb shum\u00eb KRYPOMETRI, KONTROLLUESI I PAR\u00cb I FAKTEVE N\u00cb KOSOV\u00cb KALLXO.com nga nes\u00ebr fillon nj\u00eb form\u00eb t\u00eb re t\u00eb matjes s\u00eb v\u00ebrtet\u00ebsis\u00eb s\u00eb deklaratave publike&#8230; Lexo m\u00eb shum\u00eb TESTI [&hellip;]<\/p>","protected":false},"author":1,"featured_media":0,"parent":0,"menu_order":0,"comment_status":"closed","ping_status":"closed","template":"","meta":{"_FSMCFIC_featured_image_caption":"","_FSMCFIC_featured_image_nocaption":"","_FSMCFIC_featured_image_hide":"","footnotes":""},"class_list":["post-508","page","type-page","status-publish","hentry"],"yoast_head":"<!-- This site is optimized with the Yoast SEO plugin v24.9 - https:\/\/yoast.com\/wordpress\/plugins\/seo\/ -->\n<title>LAJME - Internews Kosova<\/title>\n<meta name=\"robots\" content=\"index, follow, max-snippet:-1, max-image-preview:large, max-video-preview:-1\" \/>\n<link rel=\"canonical\" href=\"https:\/\/internewskosova.org\/sq_al\/lajme\/\" \/>\n<meta property=\"og:locale\" content=\"sq_AL\" \/>\n<meta property=\"og:type\" content=\"article\" \/>\n<meta property=\"og:title\" content=\"LAJME - Internews Kosova\" \/>\n<meta property=\"og:description\" content=\"BIRN dhe Internews Kosova Publikuan Raportin e 10-t\u00eb Jubilar t\u00eb Monitorimit t\u00eb Gjykatave Gjykatat e Kosov\u00ebs duhet t\u00eb punojn\u00eb m\u00eb shum\u00eb n\u00eb m\u00ebnyr\u00eb q\u00eb trajtimi&#8230; Lexo m\u00eb shum\u00eb KRYPOMETRI, KONTROLLUESI I PAR\u00cb I FAKTEVE N\u00cb KOSOV\u00cb KALLXO.com nga nes\u00ebr fillon nj\u00eb form\u00eb t\u00eb re t\u00eb matjes s\u00eb v\u00ebrtet\u00ebsis\u00eb s\u00eb deklaratave publike&#8230; Lexo m\u00eb shum\u00eb TESTI [&hellip;]\" \/>\n<meta property=\"og:url\" content=\"https:\/\/internewskosova.org\/sq_al\/lajme\/\" \/>\n<meta property=\"og:site_name\" content=\"Internews Kosova\" \/>\n<meta property=\"article:modified_time\" content=\"2018-01-24T10:04:52+00:00\" \/>\n<meta property=\"og:image\" content=\"http:\/\/internewskosova.org\/wp-content\/uploads\/elementor\/thumbs\/Raporti-i-Monitorimit-te-Gjykatave-2016-33snfvct2jisbuoff9mcy2.jpg\" \/>\n<meta name=\"twitter:card\" content=\"summary_large_image\" \/>\n<meta name=\"twitter:label1\" content=\"Est. reading time\" \/>\n\t<meta name=\"twitter:data1\" content=\"2 minutes\" \/>\n<script type=\"application\/ld+json\" class=\"yoast-schema-graph\">{\"@context\":\"https:\/\/schema.org\",\"@graph\":[{\"@type\":\"WebPage\",\"@id\":\"https:\/\/internewskosova.org\/lajme\/\",\"url\":\"https:\/\/internewskosova.org\/lajme\/\",\"name\":\"LAJME - Internews Kosova\",\"isPartOf\":{\"@id\":\"https:\/\/internewskosova.org\/#website\"},\"primaryImageOfPage\":{\"@id\":\"https:\/\/internewskosova.org\/lajme\/#primaryimage\"},\"image\":{\"@id\":\"https:\/\/internewskosova.org\/lajme\/#primaryimage\"},\"thumbnailUrl\":\"http:\/\/internewskosova.org\/wp-content\/uploads\/elementor\/thumbs\/Raporti-i-Monitorimit-te-Gjykatave-2016-33snfvct2jisbuoff9mcy2.jpg\",\"datePublished\":\"2017-05-03T08:37:04+00:00\",\"dateModified\":\"2018-01-24T10:04:52+00:00\",\"breadcrumb\":{\"@id\":\"https:\/\/internewskosova.org\/lajme\/#breadcrumb\"},\"inLanguage\":\"sq-AL\",\"potentialAction\":[{\"@type\":\"ReadAction\",\"target\":[\"https:\/\/internewskosova.org\/lajme\/\"]}]},{\"@type\":\"ImageObject\",\"inLanguage\":\"sq-AL\",\"@id\":\"https:\/\/internewskosova.org\/lajme\/#primaryimage\",\"url\":\"http:\/\/internewskosova.org\/wp-content\/uploads\/elementor\/thumbs\/Raporti-i-Monitorimit-te-Gjykatave-2016-33snfvct2jisbuoff9mcy2.jpg\",\"contentUrl\":\"http:\/\/internewskosova.org\/wp-content\/uploads\/elementor\/thumbs\/Raporti-i-Monitorimit-te-Gjykatave-2016-33snfvct2jisbuoff9mcy2.jpg\"},{\"@type\":\"BreadcrumbList\",\"@id\":\"https:\/\/internewskosova.org\/lajme\/#breadcrumb\",\"itemListElement\":[{\"@type\":\"ListItem\",\"position\":1,\"name\":\"Home\",\"item\":\"https:\/\/internewskosova.org\/\"},{\"@type\":\"ListItem\",\"position\":2,\"name\":\"LAJME\"}]},{\"@type\":\"WebSite\",\"@id\":\"https:\/\/internewskosova.org\/#website\",\"url\":\"https:\/\/internewskosova.org\/\",\"name\":\"Internews Kosova\",\"description\":\"\",\"potentialAction\":[{\"@type\":\"SearchAction\",\"target\":{\"@type\":\"EntryPoint\",\"urlTemplate\":\"https:\/\/internewskosova.org\/?s={search_term_string}\"},\"query-input\":{\"@type\":\"PropertyValueSpecification\",\"valueRequired\":true,\"valueName\":\"search_term_string\"}}],\"inLanguage\":\"sq-AL\"}]}<\/script>\n<!-- \/ Yoast SEO plugin. -->","yoast_head_json":{"title":"LAJME - Internews Kosova","robots":{"index":"index","follow":"follow","max-snippet":"max-snippet:-1","max-image-preview":"max-image-preview:large","max-video-preview":"max-video-preview:-1"},"canonical":"https:\/\/internewskosova.org\/sq_al\/lajme\/","og_locale":"sq_AL","og_type":"article","og_title":"LAJME - Internews Kosova","og_description":"BIRN dhe Internews Kosova Publikuan Raportin e 10-t\u00eb Jubilar t\u00eb Monitorimit t\u00eb Gjykatave Gjykatat e Kosov\u00ebs duhet t\u00eb punojn\u00eb m\u00eb shum\u00eb n\u00eb m\u00ebnyr\u00eb q\u00eb trajtimi&#8230; Lexo m\u00eb shum\u00eb KRYPOMETRI, KONTROLLUESI I PAR\u00cb I FAKTEVE N\u00cb KOSOV\u00cb KALLXO.com nga nes\u00ebr fillon nj\u00eb form\u00eb t\u00eb re t\u00eb matjes s\u00eb v\u00ebrtet\u00ebsis\u00eb s\u00eb deklaratave publike&#8230; Lexo m\u00eb shum\u00eb TESTI [&hellip;]","og_url":"https:\/\/internewskosova.org\/sq_al\/lajme\/","og_site_name":"Internews Kosova","article_modified_time":"2018-01-24T10:04:52+00:00","og_image":[{"url":"http:\/\/internewskosova.org\/wp-content\/uploads\/elementor\/thumbs\/Raporti-i-Monitorimit-te-Gjykatave-2016-33snfvct2jisbuoff9mcy2.jpg","type":"","width":"","height":""}],"twitter_card":"summary_large_image","twitter_misc":{"Est. reading time":"2 minutes"},"schema":{"@context":"https:\/\/schema.org","@graph":[{"@type":"WebPage","@id":"https:\/\/internewskosova.org\/lajme\/","url":"https:\/\/internewskosova.org\/lajme\/","name":"LAJME - Internews Kosova","isPartOf":{"@id":"https:\/\/internewskosova.org\/#website"},"primaryImageOfPage":{"@id":"https:\/\/internewskosova.org\/lajme\/#primaryimage"},"image":{"@id":"https:\/\/internewskosova.org\/lajme\/#primaryimage"},"thumbnailUrl":"http:\/\/internewskosova.org\/wp-content\/uploads\/elementor\/thumbs\/Raporti-i-Monitorimit-te-Gjykatave-2016-33snfvct2jisbuoff9mcy2.jpg","datePublished":"2017-05-03T08:37:04+00:00","dateModified":"2018-01-24T10:04:52+00:00","breadcrumb":{"@id":"https:\/\/internewskosova.org\/lajme\/#breadcrumb"},"inLanguage":"sq-AL","potentialAction":[{"@type":"ReadAction","target":["https:\/\/internewskosova.org\/lajme\/"]}]},{"@type":"ImageObject","inLanguage":"sq-AL","@id":"https:\/\/internewskosova.org\/lajme\/#primaryimage","url":"http:\/\/internewskosova.org\/wp-content\/uploads\/elementor\/thumbs\/Raporti-i-Monitorimit-te-Gjykatave-2016-33snfvct2jisbuoff9mcy2.jpg","contentUrl":"http:\/\/internewskosova.org\/wp-content\/uploads\/elementor\/thumbs\/Raporti-i-Monitorimit-te-Gjykatave-2016-33snfvct2jisbuoff9mcy2.jpg"},{"@type":"BreadcrumbList","@id":"https:\/\/internewskosova.org\/lajme\/#breadcrumb","itemListElement":[{"@type":"ListItem","position":1,"name":"Home","item":"https:\/\/internewskosova.org\/"},{"@type":"ListItem","position":2,"name":"LAJME"}]},{"@type":"WebSite","@id":"https:\/\/internewskosova.org\/#website","url":"https:\/\/internewskosova.org\/","name":"Internews Kosova","description":"","potentialAction":[{"@type":"SearchAction","target":{"@type":"EntryPoint","urlTemplate":"https:\/\/internewskosova.org\/?s={search_term_string}"},"query-input":{"@type":"PropertyValueSpecification","valueRequired":true,"valueName":"search_term_string"}}],"inLanguage":"sq-AL"}]}},"_links":{"self":[{"href":"https:\/\/internewskosova.org\/sq_al\/wp-json\/wp\/v2\/pages\/508","targetHints":{"allow":["GET"]}}],"collection":[{"href":"https:\/\/internewskosova.org\/sq_al\/wp-json\/wp\/v2\/pages"}],"about":[{"href":"https:\/\/internewskosova.org\/sq_al\/wp-json\/wp\/v2\/types\/page"}],"author":[{"embeddable":true,"href":"https:\/\/internewskosova.org\/sq_al\/wp-json\/wp\/v2\/users\/1"}],"replies":[{"embeddable":true,"href":"https:\/\/internewskosova.org\/sq_al\/wp-json\/wp\/v2\/comments?post=508"}],"version-history":[{"count":1,"href":"https:\/\/internewskosova.org\/sq_al\/wp-json\/wp\/v2\/pages\/508\/revisions"}],"predecessor-version":[{"id":1001,"href":"https:\/\/internewskosova.org\/sq_al\/wp-json\/wp\/v2\/pages\/508\/revisions\/1001"}],"wp:attachment":[{"href":"https:\/\/internewskosova.org\/sq_al\/wp-json\/wp\/v2\/media?parent=508"}],"curies":[{"name":"wp","href":"https:\/\/api.w.org\/{rel}","templated":true}]}}